{"id":586,"date":"2023-02-06T15:22:50","date_gmt":"2023-02-06T14:22:50","guid":{"rendered":"https:\/\/hallecantine.novadev.ch\/contact\/"},"modified":"2023-02-17T10:55:24","modified_gmt":"2023-02-17T09:55:24","slug":"contact","status":"publish","type":"page","link":"https:\/\/halle-marche-concours.ch\/de\/contact\/","title":{"rendered":"Kontakt"},"content":{"rendered":"\t\t<div data-elementor-type=\"wp-page\" data-elementor-id=\"586\" class=\"elementor elementor-586 elementor-88\">\n\t\t\t\t\t\t<div class=\"elementor-section elementor-top-section elementor-element elementor-element-3263bc67 elementor-section-content-middle elementor-section-boxed elementor-section-height-default elementor-section-height-default\" data-id=\"3263bc67\" data-element_type=\"section\">\n\t\t\t\t\t\t<div class=\"elementor-container elementor-column-gap-default\">\n\t\t\t\t\t<div class=\"elementor-column elementor-col-66 elementor-top-column elementor-element elementor-element-4d9ae8de\" data-id=\"4d9ae8de\" data-element_type=\"column\">\n\t\t\t<div class=\"elementor-widget-wrap elementor-element-populated\">\n\t\t\t\t\t\t<div class=\"elementor-element elementor-element-5d402a16 elementor-widget elementor-widget-heading\" data-id=\"5d402a16\" data-element_type=\"widget\" data-widget_type=\"heading.default\">\n\t\t\t\t<div class=\"elementor-widget-container\">\n\t\t\t<style>\/*! elementor - v3.20.0 - 13-03-2024 *\/\n.elementor-heading-title{padding:0;margin:0;line-height:1}.elementor-widget-heading .elementor-heading-title[class*=elementor-size-]>a{color:inherit;font-size:inherit;line-height:inherit}.elementor-widget-heading .elementor-heading-title.elementor-size-small{font-size:15px}.elementor-widget-heading .elementor-heading-title.elementor-size-medium{font-size:19px}.elementor-widget-heading .elementor-heading-title.elementor-size-large{font-size:29px}.elementor-widget-heading .elementor-heading-title.elementor-size-xl{font-size:39px}.elementor-widget-heading .elementor-heading-title.elementor-size-xxl{font-size:59px}<\/style><h4 class=\"elementor-heading-title elementor-size-default\">Kontaktieren Sie uns<\/h4>\t\t<\/div>\n\t\t\t\t<\/div>\n\t\t\t\t<div class=\"elementor-element elementor-element-f33ee76 elementor-widget elementor-widget-heading\" data-id=\"f33ee76\" data-element_type=\"widget\" data-widget_type=\"heading.default\">\n\t\t\t\t<div class=\"elementor-widget-container\">\n\t\t\t<h3 class=\"elementor-heading-title elementor-size-default\">F\u00fcr weitere Informationen, Reservierungen, Tarife:<\/h3>\t\t<\/div>\n\t\t\t\t<\/div>\n\t\t\t\t<div class=\"elementor-element elementor-element-14b52320 elementor-widget elementor-widget-text-editor\" data-id=\"14b52320\" data-element_type=\"widget\" data-widget_type=\"text-editor.default\">\n\t\t\t\t<div class=\"elementor-widget-container\">\n\t\t\t<style>\/*! elementor - v3.20.0 - 13-03-2024 *\/\n.elementor-widget-text-editor.elementor-drop-cap-view-stacked .elementor-drop-cap{background-color:#69727d;color:#fff}.elementor-widget-text-editor.elementor-drop-cap-view-framed .elementor-drop-cap{color:#69727d;border:3px solid;background-color:transparent}.elementor-widget-text-editor:not(.elementor-drop-cap-view-default) .elementor-drop-cap{margin-top:8px}.elementor-widget-text-editor:not(.elementor-drop-cap-view-default) .elementor-drop-cap-letter{width:1em;height:1em}.elementor-widget-text-editor .elementor-drop-cap{float:left;text-align:center;line-height:1;font-size:50px}.elementor-widget-text-editor .elementor-drop-cap-letter{display:inline-block}<\/style>\t\t\t\t<p class=\"fusion-responsive-typography-calculated\" data-fontsize=\"16\" data-lineheight=\"24px\"><strong>Fondation de la Halle du March\u00e9-Concours<br \/><\/strong>Postfach 265<br \/>2350 Saignel\u00e9gier<\/p>\t\t\t\t\t\t<\/div>\n\t\t\t\t<\/div>\n\t\t\t\t<section class=\"elementor-section elementor-inner-section elementor-element elementor-element-7af677cb elementor-section-boxed elementor-section-height-default elementor-section-height-default\" data-id=\"7af677cb\" data-element_type=\"section\">\n\t\t\t\t\t\t<div class=\"elementor-container elementor-column-gap-default\">\n\t\t\t\t\t<div class=\"elementor-column elementor-col-50 elementor-inner-column elementor-element elementor-element-273351b3\" data-id=\"273351b3\" data-element_type=\"column\">\n\t\t\t<div class=\"elementor-widget-wrap elementor-element-populated\">\n\t\t\t\t\t\t<div class=\"elementor-element elementor-element-4ae4c061 elementor-widget elementor-widget-heading\" data-id=\"4ae4c061\" data-element_type=\"widget\" data-widget_type=\"heading.default\">\n\t\t\t\t<div class=\"elementor-widget-container\">\n\t\t\t<h3 class=\"elementor-heading-title elementor-size-default\">Administrativer Verantwortlicher,\nFacility Management\n(Conciergerie, Technik, Abwart, Besucherbetreuung):<\/h3>\t\t<\/div>\n\t\t\t\t<\/div>\n\t\t\t\t<div class=\"elementor-element elementor-element-1ee21f89 elementor-widget elementor-widget-text-editor\" data-id=\"1ee21f89\" data-element_type=\"widget\" data-widget_type=\"text-editor.default\">\n\t\t\t\t<div class=\"elementor-widget-container\">\n\t\t\t\t\t\t\t<p>Peter Grifhorst<br \/>079 796 12 63<br \/><a href=\"mailto:info@halle-marche-concours.ch\">info@halle-marche-concours.ch<\/a><\/p>\t\t\t\t\t\t<\/div>\n\t\t\t\t<\/div>\n\t\t\t\t\t<\/div>\n\t\t<\/div>\n\t\t\t\t<div class=\"elementor-column elementor-col-50 elementor-inner-column elementor-element elementor-element-662260e9\" data-id=\"662260e9\" data-element_type=\"column\">\n\t\t\t<div class=\"elementor-widget-wrap elementor-element-populated\">\n\t\t\t\t\t\t<div class=\"elementor-element elementor-element-62f52cf9 elementor-widget elementor-widget-heading\" data-id=\"62f52cf9\" data-element_type=\"widget\" data-widget_type=\"heading.default\">\n\t\t\t\t<div class=\"elementor-widget-container\">\n\t\t\t<h3 class=\"elementor-heading-title elementor-size-default\">Der Vorstand:<\/h3>\t\t<\/div>\n\t\t\t\t<\/div>\n\t\t\t\t<div class=\"elementor-element elementor-element-4cd1a777 elementor-widget elementor-widget-text-editor\" data-id=\"4cd1a777\" data-element_type=\"widget\" data-widget_type=\"text-editor.default\">\n\t\t\t\t<div class=\"elementor-widget-container\">\n\t\t\t\t\t\t\t<p><strong>Pr\u00e4sident:<\/strong><br \/>Jean-Pierre Beuret<\/p><p><strong>Mitglieder:<\/strong><br \/>Vincent Wermeille<br \/>Diego Moni Bidin<br \/>Vincent Paupe<br \/>Etienne Gigon<\/p>\t\t\t\t\t\t<\/div>\n\t\t\t\t<\/div>\n\t\t\t\t\t<\/div>\n\t\t<\/div>\n\t\t\t\t\t<\/div>\n\t\t<\/section>\n\t\t\t\t\t<\/div>\n\t\t<\/div>\n\t\t\t\t<div class=\"elementor-column elementor-col-33 elementor-top-column elementor-element elementor-element-4d336896\" data-id=\"4d336896\" data-element_type=\"column\">\n\t\t\t<div class=\"elementor-widget-wrap elementor-element-populated\">\n\t\t\t\t\t\t<div class=\"elementor-element elementor-element-70c8da6 elementor-widget elementor-widget-bdt-advanced-gmap\" data-id=\"70c8da6\" data-element_type=\"widget\" data-widget_type=\"bdt-advanced-gmap.default\">\n\t\t\t\t<div class=\"elementor-widget-container\">\n\t\t\t\t\t\n\t\t\t\t<div style=\"opacity:0\" class=\"bdt-advanced-map\">\n\t\t\t<div class=\"bdt-grid-wrap\">\n\t\t\t\t<div class=\"bdt-advanced-map-wrapper\">\n\t\t\t\t\t<div class=\"bdt-advanced-gmap\" id=\"bdt-advanced-gmap-70c8da6-83\" data-map_markers=\"[{&quot;lat&quot;:47.25334129424847,&quot;lng&quot;:6.996957632599025,&quot;title&quot;:&quot;Halle du March\\u00e9-Concours National de chevaux&quot;,&quot;place&quot;:&quot;Chem. du Chasseral 1, 2350 Saignel\\u00e9gier&quot;,&quot;icon&quot;:&quot;&quot;,&quot;content&quot;:&quot;&quot;,&quot;phone&quot;:&quot;079 796 12 63&quot;,&quot;website&quot;:&quot;&quot;,&quot;image&quot;:&quot;&quot;}]\" data-map_settings=\"{&quot;el&quot;:&quot;#bdt-advanced-gmap-70c8da6-83&quot;,&quot;lat&quot;:&quot;47.25334129424847&quot;,&quot;lng&quot;:&quot;6.996957632599025&quot;,&quot;zoomControl&quot;:true,&quot;zoom&quot;:15,&quot;streetViewControl&quot;:true,&quot;mapTypeControl&quot;:true}\" data-map_geocode=\"false\"><\/div>\n\t\t\t\t<\/div>\n\t\t\t\t\t\t\t<\/div>\n\t\t<\/div>\n\t\t<\/div>\n\t\t\t\t<\/div>\n\t\t\t\t\t<\/div>\n\t\t<\/div>\n\t\t\t\t\t<\/div>\n\t\t<\/div>\n\t\t\t\t<\/div>\n\t\t","protected":false},"excerpt":{"rendered":"<p>Kontaktieren Sie uns F\u00fcr weitere Informationen, Reservierungen, Tarife: Fondation de la Halle du March\u00e9-ConcoursPostfach 2652350 Saignel\u00e9gier Administrativer Verantwortlicher, Facility Management (Conciergerie, Technik, [&hellip;]<\/p>\n","protected":false},"author":1,"featured_media":485,"parent":0,"menu_order":0,"comment_status":"closed","ping_status":"closed","template":"","meta":{"footnotes":""},"class_list":["post-586","page","type-page","status-publish","has-post-thumbnail","hentry"],"yoast_head":"<!-- This site is optimized with the Yoast SEO plugin v22.2 - https:\/\/yoast.com\/wordpress\/plugins\/seo\/ -->\n<title>Kontakt - Halle du March\u00e9-Concours national de chevaux<\/title>\n<meta name=\"robots\" content=\"index, follow, max-snippet:-1, max-image-preview:large, max-video-preview:-1\" \/>\n<link rel=\"canonical\" href=\"https:\/\/halle-marche-concours.ch\/de\/contact\/\" \/>\n<meta property=\"og:locale\" content=\"de_DE\" \/>\n<meta property=\"og:type\" content=\"article\" \/>\n<meta property=\"og:title\" content=\"Kontakt - Halle du March\u00e9-Concours national de chevaux\" \/>\n<meta property=\"og:description\" content=\"Kontaktieren Sie uns F\u00fcr weitere Informationen, Reservierungen, Tarife: Fondation de la Halle du March\u00e9-ConcoursPostfach 2652350 Saignel\u00e9gier Administrativer Verantwortlicher, Facility Management (Conciergerie, Technik, [&hellip;]\" \/>\n<meta property=\"og:url\" content=\"https:\/\/halle-marche-concours.ch\/de\/contact\/\" \/>\n<meta property=\"og:site_name\" content=\"Halle du March\u00e9-Concours national de chevaux\" \/>\n<meta property=\"article:modified_time\" content=\"2023-02-17T09:55:24+00:00\" \/>\n<meta property=\"og:image\" content=\"https:\/\/halle-marche-concours.ch\/wp-content\/uploads\/2023\/02\/Halle-Cantine-Saignelegier_Photo-curitositer-FM-05.jpg\" \/>\n\t<meta property=\"og:image:width\" content=\"1500\" \/>\n\t<meta property=\"og:image:height\" content=\"998\" \/>\n\t<meta property=\"og:image:type\" content=\"image\/jpeg\" \/>\n<meta name=\"twitter:card\" content=\"summary_large_image\" \/>\n<script type=\"application\/ld+json\" class=\"yoast-schema-graph\">{\"@context\":\"https:\/\/schema.org\",\"@graph\":[{\"@type\":\"WebPage\",\"@id\":\"https:\/\/halle-marche-concours.ch\/de\/contact\/\",\"url\":\"https:\/\/halle-marche-concours.ch\/de\/contact\/\",\"name\":\"Kontakt - Halle du March\u00e9-Concours national de chevaux\",\"isPartOf\":{\"@id\":\"https:\/\/halle-marche-concours.ch\/#website\"},\"primaryImageOfPage\":{\"@id\":\"https:\/\/halle-marche-concours.ch\/de\/contact\/#primaryimage\"},\"image\":{\"@id\":\"https:\/\/halle-marche-concours.ch\/de\/contact\/#primaryimage\"},\"thumbnailUrl\":\"https:\/\/halle-marche-concours.ch\/wp-content\/uploads\/2023\/02\/Halle-Cantine-Saignelegier_Photo-curitositer-FM-05.jpg\",\"datePublished\":\"2023-02-06T14:22:50+00:00\",\"dateModified\":\"2023-02-17T09:55:24+00:00\",\"breadcrumb\":{\"@id\":\"https:\/\/halle-marche-concours.ch\/de\/contact\/#breadcrumb\"},\"inLanguage\":\"de\",\"potentialAction\":[{\"@type\":\"ReadAction\",\"target\":[\"https:\/\/halle-marche-concours.ch\/de\/contact\/\"]}]},{\"@type\":\"ImageObject\",\"inLanguage\":\"de\",\"@id\":\"https:\/\/halle-marche-concours.ch\/de\/contact\/#primaryimage\",\"url\":\"https:\/\/halle-marche-concours.ch\/wp-content\/uploads\/2023\/02\/Halle-Cantine-Saignelegier_Photo-curitositer-FM-05.jpg\",\"contentUrl\":\"https:\/\/halle-marche-concours.ch\/wp-content\/uploads\/2023\/02\/Halle-Cantine-Saignelegier_Photo-curitositer-FM-05.jpg\",\"width\":1500,\"height\":998},{\"@type\":\"BreadcrumbList\",\"@id\":\"https:\/\/halle-marche-concours.ch\/de\/contact\/#breadcrumb\",\"itemListElement\":[{\"@type\":\"ListItem\",\"position\":1,\"name\":\"Accueil\",\"item\":\"https:\/\/halle-marche-concours.ch\/de\/\"},{\"@type\":\"ListItem\",\"position\":2,\"name\":\"Kontakt\"}]},{\"@type\":\"WebSite\",\"@id\":\"https:\/\/halle-marche-concours.ch\/#website\",\"url\":\"https:\/\/halle-marche-concours.ch\/\",\"name\":\"Halle du March\u00e9-Concours national de chevaux\",\"description\":\"Le b\u00e2timent le plus connu des Franches-Montagnes\",\"publisher\":{\"@id\":\"https:\/\/halle-marche-concours.ch\/#organization\"},\"potentialAction\":[{\"@type\":\"SearchAction\",\"target\":{\"@type\":\"EntryPoint\",\"urlTemplate\":\"https:\/\/halle-marche-concours.ch\/?s={search_term_string}\"},\"query-input\":\"required name=search_term_string\"}],\"inLanguage\":\"de\"},{\"@type\":\"Organization\",\"@id\":\"https:\/\/halle-marche-concours.ch\/#organization\",\"name\":\"Halle du March\u00e9-Concours national de chevaux\",\"url\":\"https:\/\/halle-marche-concours.ch\/\",\"logo\":{\"@type\":\"ImageObject\",\"inLanguage\":\"de\",\"@id\":\"https:\/\/halle-marche-concours.ch\/#\/schema\/logo\/image\/\",\"url\":\"http:\/\/hallecantine.novadev.ch\/wp-content\/uploads\/2023\/02\/logo_Fondation-halle-du-marche-concours4_150.jpg\",\"contentUrl\":\"http:\/\/hallecantine.novadev.ch\/wp-content\/uploads\/2023\/02\/logo_Fondation-halle-du-marche-concours4_150.jpg\",\"width\":268,\"height\":150,\"caption\":\"Halle du March\u00e9-Concours national de chevaux\"},\"image\":{\"@id\":\"https:\/\/halle-marche-concours.ch\/#\/schema\/logo\/image\/\"}}]}<\/script>\n<!-- \/ Yoast SEO plugin. -->","yoast_head_json":{"title":"Kontakt - Halle du March\u00e9-Concours national de chevaux","robots":{"index":"index","follow":"follow","max-snippet":"max-snippet:-1","max-image-preview":"max-image-preview:large","max-video-preview":"max-video-preview:-1"},"canonical":"https:\/\/halle-marche-concours.ch\/de\/contact\/","og_locale":"de_DE","og_type":"article","og_title":"Kontakt - Halle du March\u00e9-Concours national de chevaux","og_description":"Kontaktieren Sie uns F\u00fcr weitere Informationen, Reservierungen, Tarife: Fondation de la Halle du March\u00e9-ConcoursPostfach 2652350 Saignel\u00e9gier Administrativer Verantwortlicher, Facility Management (Conciergerie, Technik, [&hellip;]","og_url":"https:\/\/halle-marche-concours.ch\/de\/contact\/","og_site_name":"Halle du March\u00e9-Concours national de chevaux","article_modified_time":"2023-02-17T09:55:24+00:00","og_image":[{"width":1500,"height":998,"url":"https:\/\/halle-marche-concours.ch\/wp-content\/uploads\/2023\/02\/Halle-Cantine-Saignelegier_Photo-curitositer-FM-05.jpg","type":"image\/jpeg"}],"twitter_card":"summary_large_image","schema":{"@context":"https:\/\/schema.org","@graph":[{"@type":"WebPage","@id":"https:\/\/halle-marche-concours.ch\/de\/contact\/","url":"https:\/\/halle-marche-concours.ch\/de\/contact\/","name":"Kontakt - Halle du March\u00e9-Concours national de chevaux","isPartOf":{"@id":"https:\/\/halle-marche-concours.ch\/#website"},"primaryImageOfPage":{"@id":"https:\/\/halle-marche-concours.ch\/de\/contact\/#primaryimage"},"image":{"@id":"https:\/\/halle-marche-concours.ch\/de\/contact\/#primaryimage"},"thumbnailUrl":"https:\/\/halle-marche-concours.ch\/wp-content\/uploads\/2023\/02\/Halle-Cantine-Saignelegier_Photo-curitositer-FM-05.jpg","datePublished":"2023-02-06T14:22:50+00:00","dateModified":"2023-02-17T09:55:24+00:00","breadcrumb":{"@id":"https:\/\/halle-marche-concours.ch\/de\/contact\/#breadcrumb"},"inLanguage":"de","potentialAction":[{"@type":"ReadAction","target":["https:\/\/halle-marche-concours.ch\/de\/contact\/"]}]},{"@type":"ImageObject","inLanguage":"de","@id":"https:\/\/halle-marche-concours.ch\/de\/contact\/#primaryimage","url":"https:\/\/halle-marche-concours.ch\/wp-content\/uploads\/2023\/02\/Halle-Cantine-Saignelegier_Photo-curitositer-FM-05.jpg","contentUrl":"https:\/\/halle-marche-concours.ch\/wp-content\/uploads\/2023\/02\/Halle-Cantine-Saignelegier_Photo-curitositer-FM-05.jpg","width":1500,"height":998},{"@type":"BreadcrumbList","@id":"https:\/\/halle-marche-concours.ch\/de\/contact\/#breadcrumb","itemListElement":[{"@type":"ListItem","position":1,"name":"Accueil","item":"https:\/\/halle-marche-concours.ch\/de\/"},{"@type":"ListItem","position":2,"name":"Kontakt"}]},{"@type":"WebSite","@id":"https:\/\/halle-marche-concours.ch\/#website","url":"https:\/\/halle-marche-concours.ch\/","name":"Halle du March\u00e9-Concours national de chevaux","description":"Le b\u00e2timent le plus connu des Franches-Montagnes","publisher":{"@id":"https:\/\/halle-marche-concours.ch\/#organization"},"potentialAction":[{"@type":"SearchAction","target":{"@type":"EntryPoint","urlTemplate":"https:\/\/halle-marche-concours.ch\/?s={search_term_string}"},"query-input":"required name=search_term_string"}],"inLanguage":"de"},{"@type":"Organization","@id":"https:\/\/halle-marche-concours.ch\/#organization","name":"Halle du March\u00e9-Concours national de chevaux","url":"https:\/\/halle-marche-concours.ch\/","logo":{"@type":"ImageObject","inLanguage":"de","@id":"https:\/\/halle-marche-concours.ch\/#\/schema\/logo\/image\/","url":"http:\/\/hallecantine.novadev.ch\/wp-content\/uploads\/2023\/02\/logo_Fondation-halle-du-marche-concours4_150.jpg","contentUrl":"http:\/\/hallecantine.novadev.ch\/wp-content\/uploads\/2023\/02\/logo_Fondation-halle-du-marche-concours4_150.jpg","width":268,"height":150,"caption":"Halle du March\u00e9-Concours national de chevaux"},"image":{"@id":"https:\/\/halle-marche-concours.ch\/#\/schema\/logo\/image\/"}}]}},"_links":{"self":[{"href":"https:\/\/halle-marche-concours.ch\/de\/wp-json\/wp\/v2\/pages\/586","targetHints":{"allow":["GET"]}}],"collection":[{"href":"https:\/\/halle-marche-concours.ch\/de\/wp-json\/wp\/v2\/pages"}],"about":[{"href":"https:\/\/halle-marche-concours.ch\/de\/wp-json\/wp\/v2\/types\/page"}],"author":[{"embeddable":true,"href":"https:\/\/halle-marche-concours.ch\/de\/wp-json\/wp\/v2\/users\/1"}],"replies":[{"embeddable":true,"href":"https:\/\/halle-marche-concours.ch\/de\/wp-json\/wp\/v2\/comments?post=586"}],"version-history":[{"count":4,"href":"https:\/\/halle-marche-concours.ch\/de\/wp-json\/wp\/v2\/pages\/586\/revisions"}],"predecessor-version":[{"id":590,"href":"https:\/\/halle-marche-concours.ch\/de\/wp-json\/wp\/v2\/pages\/586\/revisions\/590"}],"wp:featuredmedia":[{"embeddable":true,"href":"https:\/\/halle-marche-concours.ch\/de\/wp-json\/wp\/v2\/media\/485"}],"wp:attachment":[{"href":"https:\/\/halle-marche-concours.ch\/de\/wp-json\/wp\/v2\/media?parent=586"}],"curies":[{"name":"wp","href":"https:\/\/api.w.org\/{rel}","templated":true}]}}