{"id":571,"date":"2023-02-07T11:52:50","date_gmt":"2023-02-07T10:52:50","guid":{"rendered":"https:\/\/hallecantine.novadev.ch\/la-petite-halle-des-chevaux\/"},"modified":"2023-02-17T10:40:58","modified_gmt":"2023-02-17T09:40:58","slug":"la-petite-halle-des-chevaux","status":"publish","type":"page","link":"https:\/\/halle-marche-concours.ch\/de\/la-petite-halle-des-chevaux\/","title":{"rendered":"Die kleinen Pferdehallen"},"content":{"rendered":"\t\t<div data-elementor-type=\"wp-page\" data-elementor-id=\"571\" class=\"elementor elementor-571 elementor-220\">\n\t\t\t\t\t\t<div class=\"elementor-section elementor-top-section elementor-element elementor-element-6d22177d elementor-section-boxed elementor-section-height-default elementor-section-height-default\" data-id=\"6d22177d\" data-element_type=\"section\">\n\t\t\t\t\t\t<div class=\"elementor-container elementor-column-gap-default\">\n\t\t\t\t\t<div class=\"elementor-column elementor-col-100 elementor-top-column elementor-element elementor-element-4c7f5236\" data-id=\"4c7f5236\" data-element_type=\"column\">\n\t\t\t<div class=\"elementor-widget-wrap elementor-element-populated\">\n\t\t\t\t\t\t<section class=\"elementor-section elementor-inner-section elementor-element elementor-element-737fbc97 elementor-section-content-top elementor-section-boxed elementor-section-height-default elementor-section-height-default\" data-id=\"737fbc97\" data-element_type=\"section\">\n\t\t\t\t\t\t<div class=\"elementor-container elementor-column-gap-default\">\n\t\t\t\t\t<div class=\"elementor-column elementor-col-50 elementor-inner-column elementor-element elementor-element-70bc721b\" data-id=\"70bc721b\" data-element_type=\"column\">\n\t\t\t<div class=\"elementor-widget-wrap elementor-element-populated\">\n\t\t\t\t\t\t<div class=\"elementor-element elementor-element-6335a1d0 elementor-widget elementor-widget-heading\" data-id=\"6335a1d0\" data-element_type=\"widget\" data-widget_type=\"heading.default\">\n\t\t\t\t<div class=\"elementor-widget-container\">\n\t\t\t<style>\/*! elementor - v3.20.0 - 13-03-2024 *\/\n.elementor-heading-title{padding:0;margin:0;line-height:1}.elementor-widget-heading .elementor-heading-title[class*=elementor-size-]>a{color:inherit;font-size:inherit;line-height:inherit}.elementor-widget-heading .elementor-heading-title.elementor-size-small{font-size:15px}.elementor-widget-heading .elementor-heading-title.elementor-size-medium{font-size:19px}.elementor-widget-heading .elementor-heading-title.elementor-size-large{font-size:29px}.elementor-widget-heading .elementor-heading-title.elementor-size-xl{font-size:39px}.elementor-widget-heading .elementor-heading-title.elementor-size-xxl{font-size:59px}<\/style><h2 class=\"elementor-heading-title elementor-size-default\">Die kleinen Pferdehallen<\/h2>\t\t<\/div>\n\t\t\t\t<\/div>\n\t\t\t\t\t<\/div>\n\t\t<\/div>\n\t\t\t\t<div class=\"elementor-column elementor-col-50 elementor-inner-column elementor-element elementor-element-38dc5d28\" data-id=\"38dc5d28\" data-element_type=\"column\">\n\t\t\t<div class=\"elementor-widget-wrap elementor-element-populated\">\n\t\t\t\t\t\t<div class=\"elementor-element elementor-element-285962cb elementor-widget__width-initial elementor-widget-tablet__width-inherit elementor-widget-mobile__width-inherit elementor-widget elementor-widget-text-editor\" data-id=\"285962cb\" data-element_type=\"widget\" data-widget_type=\"text-editor.default\">\n\t\t\t\t<div class=\"elementor-widget-container\">\n\t\t\t<style>\/*! elementor - v3.20.0 - 13-03-2024 *\/\n.elementor-widget-text-editor.elementor-drop-cap-view-stacked .elementor-drop-cap{background-color:#69727d;color:#fff}.elementor-widget-text-editor.elementor-drop-cap-view-framed .elementor-drop-cap{color:#69727d;border:3px solid;background-color:transparent}.elementor-widget-text-editor:not(.elementor-drop-cap-view-default) .elementor-drop-cap{margin-top:8px}.elementor-widget-text-editor:not(.elementor-drop-cap-view-default) .elementor-drop-cap-letter{width:1em;height:1em}.elementor-widget-text-editor .elementor-drop-cap{float:left;text-align:center;line-height:1;font-size:50px}.elementor-widget-text-editor .elementor-drop-cap-letter{display:inline-block}<\/style>\t\t\t\t<p>Die kleinen Pferdehallen vervollst\u00e4ndigen die Infrastruktur. Grunds\u00e4tzlich sind hier dieselben Veranstaltungen wie in der Grossen Pferdehalle durchf\u00fchrbar, allerdings in kleinerem Rahmen.<\/p><p>In der \u00f6stlichen kleinen Pferdehalle befinden sich 30 Pferdeboxen, die westliche Halle verf\u00fcgt \u00fcber eine Fl\u00e4che von 45 x 10 Metern, 30 zus\u00e4tzliche mobile Pferdeboxen k\u00f6nnen installiert werden (nicht in der Miete inbegriffen).<\/p><p>Die westliche kleine Pferdehalle steht in der Zeit von Ende Oktober bis Mitte M\u00e4rz nicht f\u00fcr Veranstaltungen zur Verf\u00fcgung (Fahrzeug-Winterlager).<\/p>\t\t\t\t\t\t<\/div>\n\t\t\t\t<\/div>\n\t\t\t\t\t<\/div>\n\t\t<\/div>\n\t\t\t\t\t<\/div>\n\t\t<\/section>\n\t\t\t\t<div class=\"elementor-element elementor-element-dedfc95 elementor-view-default elementor-widget elementor-widget-icon\" data-id=\"dedfc95\" data-element_type=\"widget\" data-widget_type=\"icon.default\">\n\t\t\t\t<div class=\"elementor-widget-container\">\n\t\t\t\t\t<div class=\"elementor-icon-wrapper\">\n\t\t\t<div class=\"elementor-icon\">\n\t\t\t<svg xmlns=\"http:\/\/www.w3.org\/2000\/svg\" id=\"Icons\" viewBox=\"0 0 60 60\" width=\"512\" height=\"512\"><path d=\"M7,41h3.35a5.954,5.954,0,0,0,2.024,6.769A9.01,9.01,0,0,0,7,56v2a2,2,0,0,0,2,2H51a2,2,0,0,0,2-2V56a8.956,8.956,0,0,0-5.372-8.232A5.955,5.955,0,0,0,49.65,41H53a4,4,0,0,0,4-4V6a4,4,0,0,0-4-4H49V1a1,1,0,0,0-2,0V2H40V1a1,1,0,0,0-2,0V2H31V1a1,1,0,0,0-2,0V2H22V1a1,1,0,0,0-2,0V2H13V1a1,1,0,0,0-2,0V2H7A4,4,0,0,0,3,6V37A4,4,0,0,0,7,41Zm5,2a4,4,0,1,1,4,4A4,4,0,0,1,12,43Zm28.374,4.769a9.024,9.024,0,0,0-1.926,1.156,9.044,9.044,0,0,0-4.822-5.156A6.013,6.013,0,0,0,35.65,41h2.7a5.954,5.954,0,0,0,2.024,6.769ZM23,58V52a7,7,0,0,1,14,0l0,6H23Zm7-15a4,4,0,1,1,4-4A4,4,0,0,1,30,43Zm-3.626.769a9.035,9.035,0,0,0-4.82,5.153,9.04,9.04,0,0,0-1.926-1.154A5.955,5.955,0,0,0,21.65,41h2.7A6.013,6.013,0,0,0,26.374,43.769ZM9,58V56a7,7,0,0,1,11.952-4.954c.032.032.06.067.091.1-.026.281-.043.566-.043.854v6Zm39.95-6.956A7,7,0,0,1,51,56v2H39V52c0-.284-.017-.565-.043-.842a6.993,6.993,0,0,1,9.993-.114ZM44,47a4,4,0,1,1,4-4A4,4,0,0,1,44,47Zm9-8H48.46a5.973,5.973,0,0,0-8.92,0H36a6,6,0,0,0-12,0H20.46a5.973,5.973,0,0,0-8.92,0H7a2,2,0,0,1-2-2V10H55V37A2,2,0,0,1,53,39ZM7,4h4V5a1,1,0,0,0,2,0V4h7V5a1,1,0,0,0,2,0V4h7V5a1,1,0,0,0,2,0V4h7V5a1,1,0,0,0,2,0V4h7V5a1,1,0,0,0,2,0V4h4a2,2,0,0,1,2,2V8H5V6A2,2,0,0,1,7,4Z\"><\/path><path d=\"M37.238,17.878,33.9,17l-2.135-3.083a2.148,2.148,0,0,0-3.521,0L26.1,17l-3.342.879a2.345,2.345,0,0,0-1.652,1.56,2.3,2.3,0,0,0,.433,2.19l2.126,2.54L23.5,27.811a2.085,2.085,0,0,0,.847,1.773,2.136,2.136,0,0,0,1.995.293L30,28.567l3.661,1.31a2.139,2.139,0,0,0,1.995-.293A2.081,2.081,0,0,0,36.5,27.81l-.172-3.642,2.125-2.54a2.3,2.3,0,0,0,.434-2.19A2.345,2.345,0,0,0,37.238,17.878Zm-.315,2.467-2.376,2.839a1,1,0,0,0-.233.689l.153,4.1a.145.145,0,0,1-.132.018l-4-1.431a.992.992,0,0,0-.674,0l-4,1.431c-.059.02-.105,0-.171-.09l.191-4.032a1.008,1.008,0,0,0-.232-.689l-2.377-2.84a.3.3,0,0,1-.061-.3.343.343,0,0,1,.255-.231l3.7-.974a1.006,1.006,0,0,0,.568-.4l2.345-3.388a.133.133,0,0,1,.232,0h0l2.346,3.387a1,1,0,0,0,.567.4l3.7.974a.343.343,0,0,1,.255.232A.3.3,0,0,1,36.923,20.345Z\"><\/path><\/svg>\t\t\t<\/div>\n\t\t<\/div>\n\t\t\t\t<\/div>\n\t\t\t\t<\/div>\n\t\t\t\t<div class=\"elementor-element elementor-element-ae5cbd4 elementor-widget elementor-widget-heading\" data-id=\"ae5cbd4\" data-element_type=\"widget\" data-widget_type=\"heading.default\">\n\t\t\t\t<div class=\"elementor-widget-container\">\n\t\t\t<h4 class=\"elementor-heading-title elementor-size-default\">Beispiele f\u00fcr Veranstaltungen:<\/h4>\t\t<\/div>\n\t\t\t\t<\/div>\n\t\t\t\t<section class=\"elementor-section elementor-inner-section elementor-element elementor-element-1645d72 elementor-section-boxed elementor-section-height-default elementor-section-height-default\" data-id=\"1645d72\" data-element_type=\"section\">\n\t\t\t\t\t\t<div class=\"elementor-container elementor-column-gap-default\">\n\t\t\t\t\t<div class=\"elementor-column elementor-col-50 elementor-inner-column elementor-element elementor-element-94e91c2\" data-id=\"94e91c2\" data-element_type=\"column\">\n\t\t\t<div class=\"elementor-widget-wrap elementor-element-populated\">\n\t\t\t\t\t\t<div class=\"elementor-element elementor-element-315ce7e elementor-widget elementor-widget-text-editor\" data-id=\"315ce7e\" data-element_type=\"widget\" data-widget_type=\"text-editor.default\">\n\t\t\t\t<div class=\"elementor-widget-container\">\n\t\t\t\t\t\t\t<ul><li>Nationales Pferdefest \u00abMarch\u00e9-Concours\u00bb<\/li><li>Biomarkt<\/li><li>Viehausstellung<\/li><\/ul>\t\t\t\t\t\t<\/div>\n\t\t\t\t<\/div>\n\t\t\t\t\t<\/div>\n\t\t<\/div>\n\t\t\t\t<div class=\"elementor-column elementor-col-50 elementor-inner-column elementor-element elementor-element-10ffaa4\" data-id=\"10ffaa4\" data-element_type=\"column\">\n\t\t\t<div class=\"elementor-widget-wrap elementor-element-populated\">\n\t\t\t\t\t\t<div class=\"elementor-element elementor-element-e5e3062 elementor-widget elementor-widget-text-editor\" data-id=\"e5e3062\" data-element_type=\"widget\" data-widget_type=\"text-editor.default\">\n\t\t\t\t<div class=\"elementor-widget-container\">\n\t\t\t\t\t\t\t<ul><li class=\"r\">Fussball-WM-\u00dcbertragungen mit TV-Grossleinwand<\/li><li>Hochzeits-Ap\u00e9ro<\/li><li>usw.<\/li><\/ul>\t\t\t\t\t\t<\/div>\n\t\t\t\t<\/div>\n\t\t\t\t\t<\/div>\n\t\t<\/div>\n\t\t\t\t\t<\/div>\n\t\t<\/section>\n\t\t\t\t\t<\/div>\n\t\t<\/div>\n\t\t\t\t\t<\/div>\n\t\t<\/div>\n\t\t\t\t<section class=\"elementor-section elementor-top-section elementor-element elementor-element-98c0be3 elementor-section-boxed elementor-section-height-default elementor-section-height-default\" data-id=\"98c0be3\" data-element_type=\"section\" data-settings=\"{&quot;background_background&quot;:&quot;classic&quot;}\">\n\t\t\t\t\t\t<div class=\"elementor-container elementor-column-gap-default\">\n\t\t\t\t\t<div class=\"elementor-column elementor-col-100 elementor-top-column elementor-element elementor-element-dc1a16b\" data-id=\"dc1a16b\" data-element_type=\"column\">\n\t\t\t<div class=\"elementor-widget-wrap elementor-element-populated\">\n\t\t\t\t\t\t<div class=\"elementor-element elementor-element-4bdf9c9 elementor-view-default elementor-widget elementor-widget-icon\" data-id=\"4bdf9c9\" data-element_type=\"widget\" data-widget_type=\"icon.default\">\n\t\t\t\t<div class=\"elementor-widget-container\">\n\t\t\t\t\t<div class=\"elementor-icon-wrapper\">\n\t\t\t<div class=\"elementor-icon\">\n\t\t\t<svg xmlns=\"http:\/\/www.w3.org\/2000\/svg\" id=\"_x31_\" height=\"512\" viewBox=\"0 0 24 24\" width=\"512\"><g><path d=\"m17.453 24c-.168 0-.34-.021-.51-.066l-15.463-4.141c-1.06-.292-1.692-1.39-1.414-2.45l1.951-7.272c.072-.267.346-.422.612-.354.267.071.425.346.354.612l-1.95 7.27c-.139.53.179 1.082.71 1.229l15.457 4.139c.531.14 1.079-.176 1.217-.704l.781-2.894c.072-.267.346-.426.613-.353.267.072.424.347.353.613l-.78 2.89c-.235.89-1.045 1.481-1.931 1.481z\"><\/path><\/g><g><path d=\"m22 18h-16c-1.103 0-2-.897-2-2v-12c0-1.103.897-2 2-2h16c1.103 0 2 .897 2 2v12c0 1.103-.897 2-2 2zm-16-15c-.551 0-1 .449-1 1v12c0 .551.449 1 1 1h16c.551 0 1-.449 1-1v-12c0-.551-.449-1-1-1z\"><\/path><\/g><g><path d=\"m9 9c-1.103 0-2-.897-2-2s.897-2 2-2 2 .897 2 2-.897 2-2 2zm0-3c-.551 0-1 .449-1 1s.449 1 1 1 1-.449 1-1-.449-1-1-1z\"><\/path><\/g><g><path d=\"m4.57 16.93c-.128 0-.256-.049-.354-.146-.195-.195-.195-.512 0-.707l4.723-4.723c.566-.566 1.555-.566 2.121 0l1.406 1.406 3.892-4.67c.283-.339.699-.536 1.142-.54h.011c.438 0 .853.19 1.139.523l5.23 6.102c.18.209.156.525-.054.705-.209.18-.524.157-.705-.054l-5.23-6.102c-.097-.112-.231-.174-.38-.174-.104-.009-.287.063-.384.18l-4.243 5.091c-.09.108-.221.173-.362.179-.142.01-.277-.046-.376-.146l-1.793-1.793c-.189-.188-.518-.188-.707 0l-4.723 4.723c-.097.097-.225.146-.353.146z\"><\/path><\/g><\/svg>\t\t\t<\/div>\n\t\t<\/div>\n\t\t\t\t<\/div>\n\t\t\t\t<\/div>\n\t\t\t\t<div class=\"elementor-element elementor-element-2a5a71b elementor-widget elementor-widget-heading\" data-id=\"2a5a71b\" data-element_type=\"widget\" data-widget_type=\"heading.default\">\n\t\t\t\t<div class=\"elementor-widget-container\">\n\t\t\t<h3 class=\"elementor-heading-title elementor-size-default\">Die Halle in Bildern<\/h3>\t\t<\/div>\n\t\t\t\t<\/div>\n\t\t\t\t<div class=\"elementor-element elementor-element-b52d0f2 elementor-widget elementor-widget-bdt-advanced-image-gallery\" data-id=\"b52d0f2\" data-element_type=\"widget\" data-widget_type=\"bdt-advanced-image-gallery.default\">\n\t\t\t\t<div class=\"elementor-widget-container\">\n\t\t\t\t\t<div id=\"bdt-avdg-b52d0f2\" class=\"bdt-ep-advanced-image-gallery bdt-ep-advanced-image-gallery-skin-default bdt-grid bdt-grid-small bdt-child-width-1-1 bdt-child-width-1-3@s bdt-child-width-1-3@m\" data-bdt-grid=\"\" data-bdt-lightbox=\"animation: slide;\" data-settings=\"{&quot;id&quot;:&quot;#bdt-avdg-b52d0f2&quot;,&quot;tiltShow&quot;:false}\">\n\t\t\n\t\t\t<div class=\"bdt-ep-advanced-image-gallery-item bdt-transition-toggle\">\n\t\t\t\t<div class=\"bdt-ep-advanced-image-gallery-inner bdt-image-mask\">\n\t\t\t\t\t<div class=\"bdt-ep-advanced-image-gallery-thumbnail bdt-transition-toggle\">\n\t\t\t<img decoding=\"async\"  src=\"https:\/\/halle-marche-concours.ch\/wp-content\/uploads\/2023\/02\/petite-halle-du-marche-concours_marche-concours-2017_IMG_6399.jpg\" alt=\"petite-halle-du-marche-concours_marche-concours-2017_IMG_6399\" class=\"jgalleryImage\">\n\t\t<\/div>\t\t<div class=\"bdt-position-cover bdt-overlay bdt-overlay-default bdt-transition-fade\">\n\t\t\t<div class=\"bdt-ep-advanced-image-gallery-content\">\n\t\t\t\t<div class=\"bdt-ep-advanced-image-gallery-content-inner\">\n\n\t\t\t\t\t\t\t\t\t\t\t\t\t\t\t\t<div class=\"bdt-flex-inline bdt-ep-advanced-image-gallery-item-link-wrapper\">\n\t\t\t\t\t\t\t<a class=\"bdt-ep-advanced-image-gallery-item-link elementor-clickable icon-type-icon \" data-elementor-open-lightbox=\"no\" data-caption=\"\" href=\"https:\/\/halle-marche-concours.ch\/wp-content\/uploads\/2023\/02\/petite-halle-du-marche-concours_marche-concours-2017_IMG_6399.jpg\">\n\t\t\t\t\t\t\t\t\n\t\t\t\t\t\t\t\t\t\t\t\t\t\t\t\t\t\t\t<span>\n\t\t\t\t\t\t\t\t\t\t\t<i class=\"ep-icon-plus-2\"><\/i>\n\t\t\t\t\t\t\t\t\t\t<\/span>\n\t\t\t\t\t\t\t\t\t\n\t\t\t\t\t\t\t\t\t\t\t\t\t\t\t<\/a>\n\t\t\t\t\t\t<\/div>\n\t\t\t\t\t\n\t\t\t\t\t\t\t\t\t<\/div>\n\t\t\t<\/div>\n\t\t<\/div>\n\t\t\t\t\t\t<\/div>\n\t\t\t\t\t\t\t<\/div>\n\n\t\t\n\t\t\t<div class=\"bdt-ep-advanced-image-gallery-item bdt-transition-toggle\">\n\t\t\t\t<div class=\"bdt-ep-advanced-image-gallery-inner bdt-image-mask\">\n\t\t\t\t\t<div class=\"bdt-ep-advanced-image-gallery-thumbnail bdt-transition-toggle\">\n\t\t\t<img decoding=\"async\"  src=\"https:\/\/halle-marche-concours.ch\/wp-content\/uploads\/2023\/02\/petite-halle-du-marche-concours_marche-concours-2017_IMG_6396.jpg\" alt=\"petite-halle-du-marche-concours_marche-concours-2017_IMG_6396\" class=\"jgalleryImage\">\n\t\t<\/div>\t\t<div class=\"bdt-position-cover bdt-overlay bdt-overlay-default bdt-transition-fade\">\n\t\t\t<div class=\"bdt-ep-advanced-image-gallery-content\">\n\t\t\t\t<div class=\"bdt-ep-advanced-image-gallery-content-inner\">\n\n\t\t\t\t\t\t\t\t\t\t\t\t\t\t\t\t<div class=\"bdt-flex-inline bdt-ep-advanced-image-gallery-item-link-wrapper\">\n\t\t\t\t\t\t\t<a class=\"bdt-ep-advanced-image-gallery-item-link elementor-clickable icon-type-icon \" data-elementor-open-lightbox=\"no\" data-caption=\"\" href=\"https:\/\/halle-marche-concours.ch\/wp-content\/uploads\/2023\/02\/petite-halle-du-marche-concours_marche-concours-2017_IMG_6396.jpg\">\n\t\t\t\t\t\t\t\t\n\t\t\t\t\t\t\t\t\t\t\t\t\t\t\t\t\t\t\t<span>\n\t\t\t\t\t\t\t\t\t\t\t<i class=\"ep-icon-plus-2\"><\/i>\n\t\t\t\t\t\t\t\t\t\t<\/span>\n\t\t\t\t\t\t\t\t\t\n\t\t\t\t\t\t\t\t\t\t\t\t\t\t\t<\/a>\n\t\t\t\t\t\t<\/div>\n\t\t\t\t\t\n\t\t\t\t\t\t\t\t\t<\/div>\n\t\t\t<\/div>\n\t\t<\/div>\n\t\t\t\t\t\t<\/div>\n\t\t\t\t\t\t\t<\/div>\n\n\t\t\n\t\t\t<div class=\"bdt-ep-advanced-image-gallery-item bdt-transition-toggle\">\n\t\t\t\t<div class=\"bdt-ep-advanced-image-gallery-inner bdt-image-mask\">\n\t\t\t\t\t<div class=\"bdt-ep-advanced-image-gallery-thumbnail bdt-transition-toggle\">\n\t\t\t<img decoding=\"async\"  src=\"https:\/\/halle-marche-concours.ch\/wp-content\/uploads\/2023\/02\/petite-halle-du-marche-concours_marche-concours-2017_IMG_6394.jpg\" alt=\"petite-halle-du-marche-concours_marche-concours-2017_IMG_6394\" class=\"jgalleryImage\">\n\t\t<\/div>\t\t<div class=\"bdt-position-cover bdt-overlay bdt-overlay-default bdt-transition-fade\">\n\t\t\t<div class=\"bdt-ep-advanced-image-gallery-content\">\n\t\t\t\t<div class=\"bdt-ep-advanced-image-gallery-content-inner\">\n\n\t\t\t\t\t\t\t\t\t\t\t\t\t\t\t\t<div class=\"bdt-flex-inline bdt-ep-advanced-image-gallery-item-link-wrapper\">\n\t\t\t\t\t\t\t<a class=\"bdt-ep-advanced-image-gallery-item-link elementor-clickable icon-type-icon \" data-elementor-open-lightbox=\"no\" data-caption=\"\" href=\"https:\/\/halle-marche-concours.ch\/wp-content\/uploads\/2023\/02\/petite-halle-du-marche-concours_marche-concours-2017_IMG_6394.jpg\">\n\t\t\t\t\t\t\t\t\n\t\t\t\t\t\t\t\t\t\t\t\t\t\t\t\t\t\t\t<span>\n\t\t\t\t\t\t\t\t\t\t\t<i class=\"ep-icon-plus-2\"><\/i>\n\t\t\t\t\t\t\t\t\t\t<\/span>\n\t\t\t\t\t\t\t\t\t\n\t\t\t\t\t\t\t\t\t\t\t\t\t\t\t<\/a>\n\t\t\t\t\t\t<\/div>\n\t\t\t\t\t\n\t\t\t\t\t\t\t\t\t<\/div>\n\t\t\t<\/div>\n\t\t<\/div>\n\t\t\t\t\t\t<\/div>\n\t\t\t\t\t\t\t<\/div>\n\n\t\t\n\t\t\t<div class=\"bdt-ep-advanced-image-gallery-item bdt-transition-toggle\">\n\t\t\t\t<div class=\"bdt-ep-advanced-image-gallery-inner bdt-image-mask\">\n\t\t\t\t\t<div class=\"bdt-ep-advanced-image-gallery-thumbnail bdt-transition-toggle\">\n\t\t\t<img decoding=\"async\"  src=\"https:\/\/halle-marche-concours.ch\/wp-content\/uploads\/2023\/02\/drone_110x500_DJI_0022.jpg\" alt=\"DCIM100MEDIADJI_0022.JPG\" class=\"jgalleryImage\">\n\t\t<\/div>\t\t<div class=\"bdt-position-cover bdt-overlay bdt-overlay-default bdt-transition-fade\">\n\t\t\t<div class=\"bdt-ep-advanced-image-gallery-content\">\n\t\t\t\t<div class=\"bdt-ep-advanced-image-gallery-content-inner\">\n\n\t\t\t\t\t\t\t\t\t\t\t\t\t\t\t\t<div class=\"bdt-flex-inline bdt-ep-advanced-image-gallery-item-link-wrapper\">\n\t\t\t\t\t\t\t<a class=\"bdt-ep-advanced-image-gallery-item-link elementor-clickable icon-type-icon \" data-elementor-open-lightbox=\"no\" data-caption=\"DCIM100MEDIADJI_0022.JPG\" href=\"https:\/\/halle-marche-concours.ch\/wp-content\/uploads\/2023\/02\/drone_110x500_DJI_0022.jpg\">\n\t\t\t\t\t\t\t\t\n\t\t\t\t\t\t\t\t\t\t\t\t\t\t\t\t\t\t\t<span>\n\t\t\t\t\t\t\t\t\t\t\t<i class=\"ep-icon-plus-2\"><\/i>\n\t\t\t\t\t\t\t\t\t\t<\/span>\n\t\t\t\t\t\t\t\t\t\n\t\t\t\t\t\t\t\t\t\t\t\t\t\t\t<\/a>\n\t\t\t\t\t\t<\/div>\n\t\t\t\t\t\n\t\t\t\t\t\t\t\t\t<\/div>\n\t\t\t<\/div>\n\t\t<\/div>\n\t\t\t\t\t\t<\/div>\n\t\t\t\t\t\t\t<\/div>\n\n\t\t\n\t\t\t<div class=\"bdt-ep-advanced-image-gallery-item bdt-transition-toggle\">\n\t\t\t\t<div class=\"bdt-ep-advanced-image-gallery-inner bdt-image-mask\">\n\t\t\t\t\t<div class=\"bdt-ep-advanced-image-gallery-thumbnail bdt-transition-toggle\">\n\t\t\t<img decoding=\"async\"  src=\"https:\/\/halle-marche-concours.ch\/wp-content\/uploads\/2023\/02\/petite-halle-des-chevaux_marche-bio-2017_IMG_6605.jpg\" alt=\"petite-halle-des-chevaux_marche-bio-2017_IMG_6605\" class=\"jgalleryImage\">\n\t\t<\/div>\t\t<div class=\"bdt-position-cover bdt-overlay bdt-overlay-default bdt-transition-fade\">\n\t\t\t<div class=\"bdt-ep-advanced-image-gallery-content\">\n\t\t\t\t<div class=\"bdt-ep-advanced-image-gallery-content-inner\">\n\n\t\t\t\t\t\t\t\t\t\t\t\t\t\t\t\t<div class=\"bdt-flex-inline bdt-ep-advanced-image-gallery-item-link-wrapper\">\n\t\t\t\t\t\t\t<a class=\"bdt-ep-advanced-image-gallery-item-link elementor-clickable icon-type-icon \" data-elementor-open-lightbox=\"no\" data-caption=\"\" href=\"https:\/\/halle-marche-concours.ch\/wp-content\/uploads\/2023\/02\/petite-halle-des-chevaux_marche-bio-2017_IMG_6605.jpg\">\n\t\t\t\t\t\t\t\t\n\t\t\t\t\t\t\t\t\t\t\t\t\t\t\t\t\t\t\t<span>\n\t\t\t\t\t\t\t\t\t\t\t<i class=\"ep-icon-plus-2\"><\/i>\n\t\t\t\t\t\t\t\t\t\t<\/span>\n\t\t\t\t\t\t\t\t\t\n\t\t\t\t\t\t\t\t\t\t\t\t\t\t\t<\/a>\n\t\t\t\t\t\t<\/div>\n\t\t\t\t\t\n\t\t\t\t\t\t\t\t\t<\/div>\n\t\t\t<\/div>\n\t\t<\/div>\n\t\t\t\t\t\t<\/div>\n\t\t\t\t\t\t\t<\/div>\n\n\t\t\n\t\t\t<div class=\"bdt-ep-advanced-image-gallery-item bdt-transition-toggle\">\n\t\t\t\t<div class=\"bdt-ep-advanced-image-gallery-inner bdt-image-mask\">\n\t\t\t\t\t<div class=\"bdt-ep-advanced-image-gallery-thumbnail bdt-transition-toggle\">\n\t\t\t<img decoding=\"async\"  src=\"https:\/\/halle-marche-concours.ch\/wp-content\/uploads\/2023\/02\/petite-halle-des-chevaux_marche-bio-2017_IMG_6604-1.jpg\" alt=\"petite-halle-des-chevaux_marche-bio-2017_IMG_6604\" class=\"jgalleryImage\">\n\t\t<\/div>\t\t<div class=\"bdt-position-cover bdt-overlay bdt-overlay-default bdt-transition-fade\">\n\t\t\t<div class=\"bdt-ep-advanced-image-gallery-content\">\n\t\t\t\t<div class=\"bdt-ep-advanced-image-gallery-content-inner\">\n\n\t\t\t\t\t\t\t\t\t\t\t\t\t\t\t\t<div class=\"bdt-flex-inline bdt-ep-advanced-image-gallery-item-link-wrapper\">\n\t\t\t\t\t\t\t<a class=\"bdt-ep-advanced-image-gallery-item-link elementor-clickable icon-type-icon \" data-elementor-open-lightbox=\"no\" data-caption=\"\" href=\"https:\/\/halle-marche-concours.ch\/wp-content\/uploads\/2023\/02\/petite-halle-des-chevaux_marche-bio-2017_IMG_6604-1.jpg\">\n\t\t\t\t\t\t\t\t\n\t\t\t\t\t\t\t\t\t\t\t\t\t\t\t\t\t\t\t<span>\n\t\t\t\t\t\t\t\t\t\t\t<i class=\"ep-icon-plus-2\"><\/i>\n\t\t\t\t\t\t\t\t\t\t<\/span>\n\t\t\t\t\t\t\t\t\t\n\t\t\t\t\t\t\t\t\t\t\t\t\t\t\t<\/a>\n\t\t\t\t\t\t<\/div>\n\t\t\t\t\t\n\t\t\t\t\t\t\t\t\t<\/div>\n\t\t\t<\/div>\n\t\t<\/div>\n\t\t\t\t\t\t<\/div>\n\t\t\t\t\t\t\t<\/div>\n\n\t\t\t\t<\/div>\n\t\t\t\t<\/div>\n\t\t\t\t<\/div>\n\t\t\t\t\t<\/div>\n\t\t<\/div>\n\t\t\t\t\t<\/div>\n\t\t<\/section>\n\t\t\t\t<\/div>\n\t\t","protected":false},"excerpt":{"rendered":"<p>Die kleinen Pferdehallen Die kleinen Pferdehallen vervollst\u00e4ndigen die Infrastruktur. Grunds\u00e4tzlich sind hier dieselben Veranstaltungen wie in der Grossen Pferdehalle durchf\u00fchrbar, allerdings in [&hellip;]<\/p>\n","protected":false},"author":1,"featured_media":532,"parent":0,"menu_order":0,"comment_status":"closed","ping_status":"closed","template":"","meta":{"footnotes":""},"class_list":["post-571","page","type-page","status-publish","has-post-thumbnail","hentry"],"yoast_head":"<!-- This site is optimized with the Yoast SEO plugin v22.2 - https:\/\/yoast.com\/wordpress\/plugins\/seo\/ -->\n<title>Die kleinen Pferdehallen - Halle du March\u00e9-Concours national de chevaux<\/title>\n<meta name=\"robots\" content=\"index, follow, max-snippet:-1, max-image-preview:large, max-video-preview:-1\" \/>\n<link rel=\"canonical\" href=\"https:\/\/halle-marche-concours.ch\/de\/la-petite-halle-des-chevaux\/\" \/>\n<meta property=\"og:locale\" content=\"de_DE\" \/>\n<meta property=\"og:type\" content=\"article\" \/>\n<meta property=\"og:title\" content=\"Die kleinen Pferdehallen - Halle du March\u00e9-Concours national de chevaux\" \/>\n<meta property=\"og:description\" content=\"Die kleinen Pferdehallen Die kleinen Pferdehallen vervollst\u00e4ndigen die Infrastruktur. Grunds\u00e4tzlich sind hier dieselben Veranstaltungen wie in der Grossen Pferdehalle durchf\u00fchrbar, allerdings in [&hellip;]\" \/>\n<meta property=\"og:url\" content=\"https:\/\/halle-marche-concours.ch\/de\/la-petite-halle-des-chevaux\/\" \/>\n<meta property=\"og:site_name\" content=\"Halle du March\u00e9-Concours national de chevaux\" \/>\n<meta property=\"article:modified_time\" content=\"2023-02-17T09:40:58+00:00\" \/>\n<meta property=\"og:image\" content=\"https:\/\/halle-marche-concours.ch\/wp-content\/uploads\/2023\/02\/petite-halle-des-chevaux_marche-bio-2017_IMG_6604-1.jpg\" \/>\n\t<meta property=\"og:image:width\" content=\"1100\" \/>\n\t<meta property=\"og:image:height\" content=\"500\" \/>\n\t<meta property=\"og:image:type\" content=\"image\/jpeg\" \/>\n<meta name=\"twitter:card\" content=\"summary_large_image\" \/>\n<meta name=\"twitter:label1\" content=\"Gesch\u00e4tzte Lesezeit\" \/>\n\t<meta name=\"twitter:data1\" content=\"1\u00a0Minute\" \/>\n<script type=\"application\/ld+json\" class=\"yoast-schema-graph\">{\"@context\":\"https:\/\/schema.org\",\"@graph\":[{\"@type\":\"WebPage\",\"@id\":\"https:\/\/halle-marche-concours.ch\/de\/la-petite-halle-des-chevaux\/\",\"url\":\"https:\/\/halle-marche-concours.ch\/de\/la-petite-halle-des-chevaux\/\",\"name\":\"Die kleinen Pferdehallen - Halle du March\u00e9-Concours national de chevaux\",\"isPartOf\":{\"@id\":\"https:\/\/halle-marche-concours.ch\/#website\"},\"primaryImageOfPage\":{\"@id\":\"https:\/\/halle-marche-concours.ch\/de\/la-petite-halle-des-chevaux\/#primaryimage\"},\"image\":{\"@id\":\"https:\/\/halle-marche-concours.ch\/de\/la-petite-halle-des-chevaux\/#primaryimage\"},\"thumbnailUrl\":\"https:\/\/halle-marche-concours.ch\/wp-content\/uploads\/2023\/02\/petite-halle-des-chevaux_marche-bio-2017_IMG_6604-1.jpg\",\"datePublished\":\"2023-02-07T10:52:50+00:00\",\"dateModified\":\"2023-02-17T09:40:58+00:00\",\"breadcrumb\":{\"@id\":\"https:\/\/halle-marche-concours.ch\/de\/la-petite-halle-des-chevaux\/#breadcrumb\"},\"inLanguage\":\"de\",\"potentialAction\":[{\"@type\":\"ReadAction\",\"target\":[\"https:\/\/halle-marche-concours.ch\/de\/la-petite-halle-des-chevaux\/\"]}]},{\"@type\":\"ImageObject\",\"inLanguage\":\"de\",\"@id\":\"https:\/\/halle-marche-concours.ch\/de\/la-petite-halle-des-chevaux\/#primaryimage\",\"url\":\"https:\/\/halle-marche-concours.ch\/wp-content\/uploads\/2023\/02\/petite-halle-des-chevaux_marche-bio-2017_IMG_6604-1.jpg\",\"contentUrl\":\"https:\/\/halle-marche-concours.ch\/wp-content\/uploads\/2023\/02\/petite-halle-des-chevaux_marche-bio-2017_IMG_6604-1.jpg\",\"width\":1100,\"height\":500},{\"@type\":\"BreadcrumbList\",\"@id\":\"https:\/\/halle-marche-concours.ch\/de\/la-petite-halle-des-chevaux\/#breadcrumb\",\"itemListElement\":[{\"@type\":\"ListItem\",\"position\":1,\"name\":\"Accueil\",\"item\":\"https:\/\/halle-marche-concours.ch\/de\/\"},{\"@type\":\"ListItem\",\"position\":2,\"name\":\"Die kleinen Pferdehallen\"}]},{\"@type\":\"WebSite\",\"@id\":\"https:\/\/halle-marche-concours.ch\/#website\",\"url\":\"https:\/\/halle-marche-concours.ch\/\",\"name\":\"Halle du March\u00e9-Concours national de chevaux\",\"description\":\"Le b\u00e2timent le plus connu des Franches-Montagnes\",\"publisher\":{\"@id\":\"https:\/\/halle-marche-concours.ch\/#organization\"},\"potentialAction\":[{\"@type\":\"SearchAction\",\"target\":{\"@type\":\"EntryPoint\",\"urlTemplate\":\"https:\/\/halle-marche-concours.ch\/?s={search_term_string}\"},\"query-input\":\"required name=search_term_string\"}],\"inLanguage\":\"de\"},{\"@type\":\"Organization\",\"@id\":\"https:\/\/halle-marche-concours.ch\/#organization\",\"name\":\"Halle du March\u00e9-Concours national de chevaux\",\"url\":\"https:\/\/halle-marche-concours.ch\/\",\"logo\":{\"@type\":\"ImageObject\",\"inLanguage\":\"de\",\"@id\":\"https:\/\/halle-marche-concours.ch\/#\/schema\/logo\/image\/\",\"url\":\"http:\/\/hallecantine.novadev.ch\/wp-content\/uploads\/2023\/02\/logo_Fondation-halle-du-marche-concours4_150.jpg\",\"contentUrl\":\"http:\/\/hallecantine.novadev.ch\/wp-content\/uploads\/2023\/02\/logo_Fondation-halle-du-marche-concours4_150.jpg\",\"width\":268,\"height\":150,\"caption\":\"Halle du March\u00e9-Concours national de chevaux\"},\"image\":{\"@id\":\"https:\/\/halle-marche-concours.ch\/#\/schema\/logo\/image\/\"}}]}<\/script>\n<!-- \/ Yoast SEO plugin. -->","yoast_head_json":{"title":"Die kleinen Pferdehallen - Halle du March\u00e9-Concours national de chevaux","robots":{"index":"index","follow":"follow","max-snippet":"max-snippet:-1","max-image-preview":"max-image-preview:large","max-video-preview":"max-video-preview:-1"},"canonical":"https:\/\/halle-marche-concours.ch\/de\/la-petite-halle-des-chevaux\/","og_locale":"de_DE","og_type":"article","og_title":"Die kleinen Pferdehallen - Halle du March\u00e9-Concours national de chevaux","og_description":"Die kleinen Pferdehallen Die kleinen Pferdehallen vervollst\u00e4ndigen die Infrastruktur. Grunds\u00e4tzlich sind hier dieselben Veranstaltungen wie in der Grossen Pferdehalle durchf\u00fchrbar, allerdings in [&hellip;]","og_url":"https:\/\/halle-marche-concours.ch\/de\/la-petite-halle-des-chevaux\/","og_site_name":"Halle du March\u00e9-Concours national de chevaux","article_modified_time":"2023-02-17T09:40:58+00:00","og_image":[{"width":1100,"height":500,"url":"https:\/\/halle-marche-concours.ch\/wp-content\/uploads\/2023\/02\/petite-halle-des-chevaux_marche-bio-2017_IMG_6604-1.jpg","type":"image\/jpeg"}],"twitter_card":"summary_large_image","twitter_misc":{"Gesch\u00e4tzte Lesezeit":"1\u00a0Minute"},"schema":{"@context":"https:\/\/schema.org","@graph":[{"@type":"WebPage","@id":"https:\/\/halle-marche-concours.ch\/de\/la-petite-halle-des-chevaux\/","url":"https:\/\/halle-marche-concours.ch\/de\/la-petite-halle-des-chevaux\/","name":"Die kleinen Pferdehallen - Halle du March\u00e9-Concours national de chevaux","isPartOf":{"@id":"https:\/\/halle-marche-concours.ch\/#website"},"primaryImageOfPage":{"@id":"https:\/\/halle-marche-concours.ch\/de\/la-petite-halle-des-chevaux\/#primaryimage"},"image":{"@id":"https:\/\/halle-marche-concours.ch\/de\/la-petite-halle-des-chevaux\/#primaryimage"},"thumbnailUrl":"https:\/\/halle-marche-concours.ch\/wp-content\/uploads\/2023\/02\/petite-halle-des-chevaux_marche-bio-2017_IMG_6604-1.jpg","datePublished":"2023-02-07T10:52:50+00:00","dateModified":"2023-02-17T09:40:58+00:00","breadcrumb":{"@id":"https:\/\/halle-marche-concours.ch\/de\/la-petite-halle-des-chevaux\/#breadcrumb"},"inLanguage":"de","potentialAction":[{"@type":"ReadAction","target":["https:\/\/halle-marche-concours.ch\/de\/la-petite-halle-des-chevaux\/"]}]},{"@type":"ImageObject","inLanguage":"de","@id":"https:\/\/halle-marche-concours.ch\/de\/la-petite-halle-des-chevaux\/#primaryimage","url":"https:\/\/halle-marche-concours.ch\/wp-content\/uploads\/2023\/02\/petite-halle-des-chevaux_marche-bio-2017_IMG_6604-1.jpg","contentUrl":"https:\/\/halle-marche-concours.ch\/wp-content\/uploads\/2023\/02\/petite-halle-des-chevaux_marche-bio-2017_IMG_6604-1.jpg","width":1100,"height":500},{"@type":"BreadcrumbList","@id":"https:\/\/halle-marche-concours.ch\/de\/la-petite-halle-des-chevaux\/#breadcrumb","itemListElement":[{"@type":"ListItem","position":1,"name":"Accueil","item":"https:\/\/halle-marche-concours.ch\/de\/"},{"@type":"ListItem","position":2,"name":"Die kleinen Pferdehallen"}]},{"@type":"WebSite","@id":"https:\/\/halle-marche-concours.ch\/#website","url":"https:\/\/halle-marche-concours.ch\/","name":"Halle du March\u00e9-Concours national de chevaux","description":"Le b\u00e2timent le plus connu des Franches-Montagnes","publisher":{"@id":"https:\/\/halle-marche-concours.ch\/#organization"},"potentialAction":[{"@type":"SearchAction","target":{"@type":"EntryPoint","urlTemplate":"https:\/\/halle-marche-concours.ch\/?s={search_term_string}"},"query-input":"required name=search_term_string"}],"inLanguage":"de"},{"@type":"Organization","@id":"https:\/\/halle-marche-concours.ch\/#organization","name":"Halle du March\u00e9-Concours national de chevaux","url":"https:\/\/halle-marche-concours.ch\/","logo":{"@type":"ImageObject","inLanguage":"de","@id":"https:\/\/halle-marche-concours.ch\/#\/schema\/logo\/image\/","url":"http:\/\/hallecantine.novadev.ch\/wp-content\/uploads\/2023\/02\/logo_Fondation-halle-du-marche-concours4_150.jpg","contentUrl":"http:\/\/hallecantine.novadev.ch\/wp-content\/uploads\/2023\/02\/logo_Fondation-halle-du-marche-concours4_150.jpg","width":268,"height":150,"caption":"Halle du March\u00e9-Concours national de chevaux"},"image":{"@id":"https:\/\/halle-marche-concours.ch\/#\/schema\/logo\/image\/"}}]}},"_links":{"self":[{"href":"https:\/\/halle-marche-concours.ch\/de\/wp-json\/wp\/v2\/pages\/571","targetHints":{"allow":["GET"]}}],"collection":[{"href":"https:\/\/halle-marche-concours.ch\/de\/wp-json\/wp\/v2\/pages"}],"about":[{"href":"https:\/\/halle-marche-concours.ch\/de\/wp-json\/wp\/v2\/types\/page"}],"author":[{"embeddable":true,"href":"https:\/\/halle-marche-concours.ch\/de\/wp-json\/wp\/v2\/users\/1"}],"replies":[{"embeddable":true,"href":"https:\/\/halle-marche-concours.ch\/de\/wp-json\/wp\/v2\/comments?post=571"}],"version-history":[{"count":4,"href":"https:\/\/halle-marche-concours.ch\/de\/wp-json\/wp\/v2\/pages\/571\/revisions"}],"predecessor-version":[{"id":575,"href":"https:\/\/halle-marche-concours.ch\/de\/wp-json\/wp\/v2\/pages\/571\/revisions\/575"}],"wp:featuredmedia":[{"embeddable":true,"href":"https:\/\/halle-marche-concours.ch\/de\/wp-json\/wp\/v2\/media\/532"}],"wp:attachment":[{"href":"https:\/\/halle-marche-concours.ch\/de\/wp-json\/wp\/v2\/media?parent=571"}],"curies":[{"name":"wp","href":"https:\/\/api.w.org\/{rel}","templated":true}]}}